{"version":"1.0","type":"rich","provider_name":"La Gall\u00e9sie en F\u00eate","provider_url":"https:\/\/gallesie-monterfil.bzh","title":"La Maison de la Galette","author_name":"La Gall\u00e9sie en F\u00eate","width":"800","height":"450","url":"http:\/\/gallesie-monterfil.bzh\/fr\/la-maison-de-la-galette","html":"\u003Ch4 class='title'\u003E\u003Ca href='http:\/\/gallesie-monterfil.bzh\/fr\/la-maison-de-la-galette'\u003ELa Maison de la Galette\u003C\/a\u003E\u003C\/h4\u003E\u003Cblockquote class='spip'\u003E\n\u003Cp\u003ECela fait plus de 17 ans, que Mr&nbsp;Thomas et son \u00e9quipe travaillent pour satisfaire la client\u00e8le, en fabrication de galettes de bl\u00e9 noir et de cr\u00eapes de froment. \n\u003Cbr class='autobr' \/\u003E\nLe magasin est ouvert aux particuliers, associations, entreprises, festivals\u2026 \n\u003Cbr class='autobr' \/\u003E\nVous pouvez \u00e9galement acheter nos galettes et cr\u00eapes aux rayons charcuteries de nos supermarch\u00e9s \n\u003Cbr class='autobr' \/\u003E\nSans oublier les nombreux commerces de proximit\u00e9 dans les communes avoisinantes (boulangeries, boucheries, superettes\u2026) \n\u003Cbr class='autobr' \/\u003E\nVenez d\u00e9couvrir notre magasin,&nbsp;(\u2026)\u003C\/p\u003E\n\u003C\/blockquote\u003E\n"}