{"version":"1.0","type":"rich","provider_name":"La Gall\u00e9sie en F\u00eate","provider_url":"https:\/\/gallesie-monterfil.bzh","title":"Le M\u00e9dia Breton","author_name":"La Gall\u00e9sie en F\u00eate","width":"800","height":"450","url":"http:\/\/gallesie-monterfil.bzh\/fr\/le-media-breton","html":"\u003Ch4 class='title'\u003E\u003Ca href='http:\/\/gallesie-monterfil.bzh\/fr\/le-media-breton'\u003ELe M\u00e9dia Breton\u003C\/a\u003E\u003C\/h4\u003E\u003Cblockquote class='spip'\u003E\n\u003Cp\u003ELe M\u00e9dia Breton vous propose une revue d\u2019actualit\u00e9, professionnelle et compl\u00e8te, couvrant toute l\u2019actualit\u00e9 des 5 d\u00e9partements bretons. Chaque matin, vous trouverez dans votre revue, re\u00e7ue par mail, toutes les informations essentielles de notre R\u00e9gion et de votre d\u00e9partement.\u003C\/p\u003E\n\u003C\/blockquote\u003E\n"}