{"version":"1.0","type":"rich","provider_name":"La Gall\u00e9sie en F\u00eate","provider_url":"https:\/\/gallesie-monterfil.bzh","title":"Duo Landat-Moisson","author_name":"La Gall\u00e9sie en F\u00eate","width":"800","height":"450","url":"https:\/\/gallesie-monterfil.bzh\/fr\/duo-landat-moisson","html":"\u003Ch4 class='title'\u003E\u003Ca href='https:\/\/gallesie-monterfil.bzh\/fr\/duo-landat-moisson'\u003EDuo Landat-Moisson\u003C\/a\u003E\u003C\/h4\u003E\u003Cblockquote class='spip'\u003E\n\u003Cp\u003EThomas Moisson est sans conteste l\u2019un des accord\u00e9onistes les plus talenteux de sa g\u00e9n\u00e9ration. La rencontre avec la voix et le charisme l\u00e9gendaire de Lors Landat a donn\u00e9, en 2008, la cr\u00e9ation d\u2019un duo unique. \n\u003Cbr class='autobr' \/\u003E\nPlus de 400 concerts \u00e0 leur actif depuis 10 ans, en France (Festival des Vieilles Charrues, festival interceltique de Lorient, festival de la Bogue d\u2019or \u00e0 Redon, festival Yaouank \u00e0 Rennes\u2026) et \u00e9galement \u00e0 l\u2019\u00e9tranger (\u00c9tats-Unis, Espagne, Roumanie, UK, Ile de Man,\u2026). Le duo est devenu sans conteste un&nbsp;(...)\u003C\/p\u003E\n\u003C\/blockquote\u003E\n"}